{"version":"1.0","provider_name":"","provider_url":"https:\/\/neness.pl\/blog","author_name":"Agnieszka Kubiak","author_url":"https:\/\/neness.pl\/blog\/author\/nwalczak\/","title":"Zm\u0119czona cera - jak przywr\u00f3ci\u0107 jej blask? \u2764\ufe0f Neness","type":"rich","width":600,"height":338,"html":"<blockquote class=\"wp-embedded-content\" data-secret=\"Rv7jYmXlh5\"><a href=\"https:\/\/neness.pl\/blog\/zmeczona-cera-jak-przywrocic-jej-blask\/\">Zm\u0119czona cera &#8211; jak przywr\u00f3ci\u0107 jej blask?<\/a><\/blockquote><iframe sandbox=\"allow-scripts\" security=\"restricted\" src=\"https:\/\/neness.pl\/blog\/zmeczona-cera-jak-przywrocic-jej-blask\/embed\/#?secret=Rv7jYmXlh5\" width=\"600\" height=\"338\" title=\"&#8222;Zm\u0119czona cera &#8211; jak przywr\u00f3ci\u0107 jej blask?&#8221; &#8212; \" data-secret=\"Rv7jYmXlh5\" frameborder=\"0\" marginwidth=\"0\" marginheight=\"0\" scrolling=\"no\" class=\"wp-embedded-content\"><\/iframe><script type=\"text\/javascript\">\n\/* <![CDATA[ *\/\n\/*! This file is auto-generated *\/\n!function(d,l){\"use strict\";l.querySelector&&d.addEventListener&&\"undefined\"!=typeof URL&&(d.wp=d.wp||{},d.wp.receiveEmbedMessage||(d.wp.receiveEmbedMessage=function(e){var t=e.data;if((t||t.secret||t.message||t.value)&&!\/[^a-zA-Z0-9]\/.test(t.secret)){for(var s,r,n,a=l.querySelectorAll('iframe[data-secret=\"'+t.secret+'\"]'),o=l.querySelectorAll('blockquote[data-secret=\"'+t.secret+'\"]'),c=new RegExp(\"^https?:$\",\"i\"),i=0;i<o.length;i++)o[i].style.display=\"none\";for(i=0;i<a.length;i++)s=a[i],e.source===s.contentWindow&&(s.removeAttribute(\"style\"),\"height\"===t.message?(1e3<(r=parseInt(t.value,10))?r=1e3:~~r<200&&(r=200),s.height=r):\"link\"===t.message&&(r=new URL(s.getAttribute(\"src\")),n=new URL(t.value),c.test(n.protocol))&&n.host===r.host&&l.activeElement===s&&(d.top.location.href=t.value))}},d.addEventListener(\"message\",d.wp.receiveEmbedMessage,!1),l.addEventListener(\"DOMContentLoaded\",function(){for(var e,t,s=l.querySelectorAll(\"iframe.wp-embedded-content\"),r=0;r<s.length;r++)(t=(e=s[r]).getAttribute(\"data-secret\"))||(t=Math.random().toString(36).substring(2,12),e.src+=\"#?secret=\"+t,e.setAttribute(\"data-secret\",t)),e.contentWindow.postMessage({message:\"ready\",secret:t},\"*\")},!1)))}(window,document);\n\/\/# sourceURL=https:\/\/neness.pl\/blog\/wp-includes\/js\/wp-embed.min.js\n\/* ]]> *\/\n<\/script>\n","thumbnail_url":"https:\/\/neness.pl\/blog\/wp-content\/uploads\/2019\/10\/AdobeStock_266493382.jpeg","thumbnail_width":1200,"thumbnail_height":800,"description":"Problem w postaci zm\u0119czonej, szarej cery mo\u017ce by\u0107 spowodowany wieloma czynnikami. Takie skutki maj\u0105 d\u0142ugotrwa\u0142y stres, chroniczne niewyspanie czy z\u0142a dieta, ale przyczyny mog\u0105 by\u0107 te\u017c zewn\u0119trzne. Niezdrowy wygl\u0105d sk\u00f3ry powoduj\u0105 czasami zanieczyszczenie powietrza, skrajne temperatury, wiatr, klimatyzacja, a nawet ogrzewanie zim\u0105. W wielu przypadkach jednak wygl\u0105d cery mo\u017cna szybko w znacznym stopniu poprawi\u0107. Co [&hellip;]"}