{"version":"1.0","provider_name":"","provider_url":"https:\/\/neness.pl\/blog","author_name":"Agnieszka Kubiak","author_url":"https:\/\/neness.pl\/blog\/author\/nwalczak\/","title":"Zadbane, nawil\u017cone d\u0142onie podczas mroz\u00f3w - jak to osi\u0105gn\u0105\u0107? \u2764\ufe0f Neness","type":"rich","width":600,"height":338,"html":"<blockquote class=\"wp-embedded-content\" data-secret=\"vUL2ItEvwL\"><a href=\"https:\/\/neness.pl\/blog\/zadbane-nawilzone-dlonie-podczas-mrozow-jak-to-osiagnac\/\">Zadbane, nawil\u017cone d\u0142onie podczas mroz\u00f3w &#8211; jak to osi\u0105gn\u0105\u0107?<\/a><\/blockquote><iframe sandbox=\"allow-scripts\" security=\"restricted\" src=\"https:\/\/neness.pl\/blog\/zadbane-nawilzone-dlonie-podczas-mrozow-jak-to-osiagnac\/embed\/#?secret=vUL2ItEvwL\" width=\"600\" height=\"338\" title=\"&#8222;Zadbane, nawil\u017cone d\u0142onie podczas mroz\u00f3w &#8211; jak to osi\u0105gn\u0105\u0107?&#8221; &#8212; \" data-secret=\"vUL2ItEvwL\" frameborder=\"0\" marginwidth=\"0\" marginheight=\"0\" scrolling=\"no\" class=\"wp-embedded-content\"><\/iframe><script type=\"text\/javascript\">\n\/* <![CDATA[ *\/\n\/*! This file is auto-generated *\/\n!function(d,l){\"use strict\";l.querySelector&&d.addEventListener&&\"undefined\"!=typeof URL&&(d.wp=d.wp||{},d.wp.receiveEmbedMessage||(d.wp.receiveEmbedMessage=function(e){var t=e.data;if((t||t.secret||t.message||t.value)&&!\/[^a-zA-Z0-9]\/.test(t.secret)){for(var s,r,n,a=l.querySelectorAll('iframe[data-secret=\"'+t.secret+'\"]'),o=l.querySelectorAll('blockquote[data-secret=\"'+t.secret+'\"]'),c=new RegExp(\"^https?:$\",\"i\"),i=0;i<o.length;i++)o[i].style.display=\"none\";for(i=0;i<a.length;i++)s=a[i],e.source===s.contentWindow&&(s.removeAttribute(\"style\"),\"height\"===t.message?(1e3<(r=parseInt(t.value,10))?r=1e3:~~r<200&&(r=200),s.height=r):\"link\"===t.message&&(r=new URL(s.getAttribute(\"src\")),n=new URL(t.value),c.test(n.protocol))&&n.host===r.host&&l.activeElement===s&&(d.top.location.href=t.value))}},d.addEventListener(\"message\",d.wp.receiveEmbedMessage,!1),l.addEventListener(\"DOMContentLoaded\",function(){for(var e,t,s=l.querySelectorAll(\"iframe.wp-embedded-content\"),r=0;r<s.length;r++)(t=(e=s[r]).getAttribute(\"data-secret\"))||(t=Math.random().toString(36).substring(2,12),e.src+=\"#?secret=\"+t,e.setAttribute(\"data-secret\",t)),e.contentWindow.postMessage({message:\"ready\",secret:t},\"*\")},!1)))}(window,document);\n\/\/# sourceURL=https:\/\/neness.pl\/blog\/wp-includes\/js\/wp-embed.min.js\n\/* ]]> *\/\n<\/script>\n","thumbnail_url":"https:\/\/neness.pl\/blog\/wp-content\/uploads\/2019\/11\/AdobeStock_183124505.jpeg","thumbnail_width":1200,"thumbnail_height":800,"description":"Jesieni\u0105 i zim\u0105 nasze d\u0142onie bardzo cz\u0119sto nie prezentuj\u0105 si\u0119 tak, jak by\u015bmy tego chcieli. Przez to, \u017ce maj\u0105 one stosunkowo ma\u0142o gruczo\u0142\u00f3w \u0142ojowych i ich naturalna warstwa ochronna jest bardzo cienka, w niesprzyjaj\u0105cych warunkach szybko staj\u0105 si\u0119 szorstkie, przesuszone, a bywa, \u017ce pojawiaj\u0105 si\u0119 na nich odmro\u017cenia. Dlatego te\u017c w okresie jesienno-zimowym potrzebuj\u0105 one [&hellip;]"}