{"version":"1.0","provider_name":"","provider_url":"https:\/\/neness.pl\/blog","author_name":"Agnieszka Kubiak","author_url":"https:\/\/neness.pl\/blog\/author\/nwalczak\/","title":"W\u0142osy blond \u2013 wybieramy odcie\u0144 \u2764\ufe0f Neness","type":"rich","width":600,"height":338,"html":"<blockquote class=\"wp-embedded-content\" data-secret=\"HqnNqatkF7\"><a href=\"https:\/\/neness.pl\/blog\/wlosy-blond-wybieramy-odcien\/\">W\u0142osy blond \u2013 wybieramy odcie\u0144<\/a><\/blockquote><iframe sandbox=\"allow-scripts\" security=\"restricted\" src=\"https:\/\/neness.pl\/blog\/wlosy-blond-wybieramy-odcien\/embed\/#?secret=HqnNqatkF7\" width=\"600\" height=\"338\" title=\"&#8222;W\u0142osy blond \u2013 wybieramy odcie\u0144&#8221; &#8212; \" data-secret=\"HqnNqatkF7\" frameborder=\"0\" marginwidth=\"0\" marginheight=\"0\" scrolling=\"no\" class=\"wp-embedded-content\"><\/iframe><script type=\"text\/javascript\">\n\/* <![CDATA[ *\/\n\/*! This file is auto-generated *\/\n!function(d,l){\"use strict\";l.querySelector&&d.addEventListener&&\"undefined\"!=typeof URL&&(d.wp=d.wp||{},d.wp.receiveEmbedMessage||(d.wp.receiveEmbedMessage=function(e){var t=e.data;if((t||t.secret||t.message||t.value)&&!\/[^a-zA-Z0-9]\/.test(t.secret)){for(var s,r,n,a=l.querySelectorAll('iframe[data-secret=\"'+t.secret+'\"]'),o=l.querySelectorAll('blockquote[data-secret=\"'+t.secret+'\"]'),c=new RegExp(\"^https?:$\",\"i\"),i=0;i<o.length;i++)o[i].style.display=\"none\";for(i=0;i<a.length;i++)s=a[i],e.source===s.contentWindow&&(s.removeAttribute(\"style\"),\"height\"===t.message?(1e3<(r=parseInt(t.value,10))?r=1e3:~~r<200&&(r=200),s.height=r):\"link\"===t.message&&(r=new URL(s.getAttribute(\"src\")),n=new URL(t.value),c.test(n.protocol))&&n.host===r.host&&l.activeElement===s&&(d.top.location.href=t.value))}},d.addEventListener(\"message\",d.wp.receiveEmbedMessage,!1),l.addEventListener(\"DOMContentLoaded\",function(){for(var e,t,s=l.querySelectorAll(\"iframe.wp-embedded-content\"),r=0;r<s.length;r++)(t=(e=s[r]).getAttribute(\"data-secret\"))||(t=Math.random().toString(36).substring(2,12),e.src+=\"#?secret=\"+t,e.setAttribute(\"data-secret\",t)),e.contentWindow.postMessage({message:\"ready\",secret:t},\"*\")},!1)))}(window,document);\n\/\/# sourceURL=https:\/\/neness.pl\/blog\/wp-includes\/js\/wp-embed.min.js\n\/* ]]> *\/\n<\/script>\n","thumbnail_url":"https:\/\/neness.pl\/blog\/wp-content\/uploads\/2018\/09\/Fotolia_179582067_Subscription_XXL.jpg","thumbnail_width":2000,"thumbnail_height":1162,"description":"Wiele kobiet marzy o pi\u0119knych blond w\u0142osach, jednak nie wszystkie z nich decyduj\u0105 si\u0119 na koloryzacj\u0119. Odstraszaj\u0105 je opinie, \u017ce blond nie jest dla ka\u017cdego, \u017ce wygl\u0105da sztucznie lub podkre\u015bla mankamenty cery. Jednak tak naprawd\u0119 blond pasuje niemal do ka\u017cdej kobiety! Kluczem jest wyb\u00f3r odpowiedniego jego odcienia."}