{"version":"1.0","provider_name":"","provider_url":"https:\/\/neness.pl\/blog","author_name":"Agnieszka Kubiak","author_url":"https:\/\/neness.pl\/blog\/author\/nwalczak\/","title":"Sk\u0105d si\u0119 bior\u0105 bakterie w kosmetykach? \u2764\ufe0f Neness","type":"rich","width":600,"height":338,"html":"<blockquote class=\"wp-embedded-content\" data-secret=\"RlaEQgCrIO\"><a href=\"https:\/\/neness.pl\/blog\/skad-sie-biora-bakterie-w-kosmetykach\/\">Sk\u0105d si\u0119 bior\u0105 bakterie w kosmetykach?<\/a><\/blockquote><iframe sandbox=\"allow-scripts\" security=\"restricted\" src=\"https:\/\/neness.pl\/blog\/skad-sie-biora-bakterie-w-kosmetykach\/embed\/#?secret=RlaEQgCrIO\" width=\"600\" height=\"338\" title=\"&#8222;Sk\u0105d si\u0119 bior\u0105 bakterie w kosmetykach?&#8221; &#8212; \" data-secret=\"RlaEQgCrIO\" frameborder=\"0\" marginwidth=\"0\" marginheight=\"0\" scrolling=\"no\" class=\"wp-embedded-content\"><\/iframe><script type=\"text\/javascript\">\n\/* <![CDATA[ *\/\n\/*! This file is auto-generated *\/\n!function(d,l){\"use strict\";l.querySelector&&d.addEventListener&&\"undefined\"!=typeof URL&&(d.wp=d.wp||{},d.wp.receiveEmbedMessage||(d.wp.receiveEmbedMessage=function(e){var t=e.data;if((t||t.secret||t.message||t.value)&&!\/[^a-zA-Z0-9]\/.test(t.secret)){for(var s,r,n,a=l.querySelectorAll('iframe[data-secret=\"'+t.secret+'\"]'),o=l.querySelectorAll('blockquote[data-secret=\"'+t.secret+'\"]'),c=new RegExp(\"^https?:$\",\"i\"),i=0;i<o.length;i++)o[i].style.display=\"none\";for(i=0;i<a.length;i++)s=a[i],e.source===s.contentWindow&&(s.removeAttribute(\"style\"),\"height\"===t.message?(1e3<(r=parseInt(t.value,10))?r=1e3:~~r<200&&(r=200),s.height=r):\"link\"===t.message&&(r=new URL(s.getAttribute(\"src\")),n=new URL(t.value),c.test(n.protocol))&&n.host===r.host&&l.activeElement===s&&(d.top.location.href=t.value))}},d.addEventListener(\"message\",d.wp.receiveEmbedMessage,!1),l.addEventListener(\"DOMContentLoaded\",function(){for(var e,t,s=l.querySelectorAll(\"iframe.wp-embedded-content\"),r=0;r<s.length;r++)(t=(e=s[r]).getAttribute(\"data-secret\"))||(t=Math.random().toString(36).substring(2,12),e.src+=\"#?secret=\"+t,e.setAttribute(\"data-secret\",t)),e.contentWindow.postMessage({message:\"ready\",secret:t},\"*\")},!1)))}(window,document);\n\/\/# sourceURL=https:\/\/neness.pl\/blog\/wp-includes\/js\/wp-embed.min.js\n\/* ]]> *\/\n<\/script>\n","thumbnail_url":"https:\/\/neness.pl\/blog\/wp-content\/uploads\/2018\/05\/Fotolia_124863561_Subscription_XXL.jpg","thumbnail_width":1000,"thumbnail_height":666,"description":"Jaki\u015b czas temu na naszym blogu mogli\u015bcie przeczyta\u0107 o tym, jak przed\u0142u\u017cy\u0107 trwa\u0142o\u015b\u0107 kosmetyk\u00f3w. Jednym z jej najwi\u0119kszych wrog\u00f3w s\u0105 rozwijaj\u0105ce si\u0119 w kosmetykach bakterie, kt\u00f3re powoduj\u0105 szybsze psucie si\u0119 produkt\u00f3w, a cz\u0119sto tak\u017ce s\u0105 przyczyn\u0105 problem\u00f3w z cer\u0105. Sk\u0105d bior\u0119 si\u0119 one w naszych kosmetykach? Dzi\u015b postaramy si\u0119 odpowiedzie\u0107 na to pytanie.. Nawet je\u015bli [&hellip;]"}