{"version":"1.0","provider_name":"","provider_url":"https:\/\/neness.pl\/blog","author_name":"Agnieszka Kubiak","author_url":"https:\/\/neness.pl\/blog\/author\/nwalczak\/","title":"Jak przed\u0142u\u017cy\u0107 trwa\u0142o\u015b\u0107 kosmetyk\u00f3w do makija\u017cu? \u2764\ufe0f Neness","type":"rich","width":600,"height":338,"html":"<blockquote class=\"wp-embedded-content\" data-secret=\"ekxrsTHlRp\"><a href=\"https:\/\/neness.pl\/blog\/jak-przedluzyc-trwalosc-kosmetykow-do-makijazu\/\">Jak przed\u0142u\u017cy\u0107 trwa\u0142o\u015b\u0107 kosmetyk\u00f3w do makija\u017cu?<\/a><\/blockquote><iframe sandbox=\"allow-scripts\" security=\"restricted\" src=\"https:\/\/neness.pl\/blog\/jak-przedluzyc-trwalosc-kosmetykow-do-makijazu\/embed\/#?secret=ekxrsTHlRp\" width=\"600\" height=\"338\" title=\"&#8222;Jak przed\u0142u\u017cy\u0107 trwa\u0142o\u015b\u0107 kosmetyk\u00f3w do makija\u017cu?&#8221; &#8212; \" data-secret=\"ekxrsTHlRp\" frameborder=\"0\" marginwidth=\"0\" marginheight=\"0\" scrolling=\"no\" class=\"wp-embedded-content\"><\/iframe><script type=\"text\/javascript\">\n\/* <![CDATA[ *\/\n\/*! This file is auto-generated *\/\n!function(d,l){\"use strict\";l.querySelector&&d.addEventListener&&\"undefined\"!=typeof URL&&(d.wp=d.wp||{},d.wp.receiveEmbedMessage||(d.wp.receiveEmbedMessage=function(e){var t=e.data;if((t||t.secret||t.message||t.value)&&!\/[^a-zA-Z0-9]\/.test(t.secret)){for(var s,r,n,a=l.querySelectorAll('iframe[data-secret=\"'+t.secret+'\"]'),o=l.querySelectorAll('blockquote[data-secret=\"'+t.secret+'\"]'),c=new RegExp(\"^https?:$\",\"i\"),i=0;i<o.length;i++)o[i].style.display=\"none\";for(i=0;i<a.length;i++)s=a[i],e.source===s.contentWindow&&(s.removeAttribute(\"style\"),\"height\"===t.message?(1e3<(r=parseInt(t.value,10))?r=1e3:~~r<200&&(r=200),s.height=r):\"link\"===t.message&&(r=new URL(s.getAttribute(\"src\")),n=new URL(t.value),c.test(n.protocol))&&n.host===r.host&&l.activeElement===s&&(d.top.location.href=t.value))}},d.addEventListener(\"message\",d.wp.receiveEmbedMessage,!1),l.addEventListener(\"DOMContentLoaded\",function(){for(var e,t,s=l.querySelectorAll(\"iframe.wp-embedded-content\"),r=0;r<s.length;r++)(t=(e=s[r]).getAttribute(\"data-secret\"))||(t=Math.random().toString(36).substring(2,12),e.src+=\"#?secret=\"+t,e.setAttribute(\"data-secret\",t)),e.contentWindow.postMessage({message:\"ready\",secret:t},\"*\")},!1)))}(window,document);\n\/\/# sourceURL=https:\/\/neness.pl\/blog\/wp-includes\/js\/wp-embed.min.js\n\/* ]]> *\/\n<\/script>\n","thumbnail_url":"https:\/\/neness.pl\/blog\/wp-content\/uploads\/2017\/11\/Fotolia_124863579_Subscription_XXL-e1511177702888.jpg","thumbnail_width":1000,"thumbnail_height":667,"description":"Podobnie jak to, co jemy, r\u00f3wnie\u017c kosmetyki maj\u0105 okre\u015blon\u0105 dat\u0119 wa\u017cno\u015bci. Pami\u0119tajmy jednak, \u017ce sama data wa\u017cno\u015bci to jednak nie wszystko. Bardzo cz\u0119sto zdarza si\u0119, \u017ce tusz do rz\u0119s czy lakier do paznokci, mimo tego, \u017ce wed\u0142ug informacji na opakowaniu powinien pos\u0142u\u017cy\u0107 nam jeszcze kilka miesi\u0119cy, wysycha i nie nadaje si\u0119 ju\u017c do u\u017cycia. Jak [&hellip;]"}