{"version":"1.0","provider_name":"","provider_url":"https:\/\/neness.pl\/blog","author_name":"Agnieszka Kubiak","author_url":"https:\/\/neness.pl\/blog\/author\/nwalczak\/","title":"Jak piel\u0119gnowa\u0107 dojrza\u0142\u0105 sk\u00f3r\u0119 twarzy? \u2764\ufe0f Neness","type":"rich","width":600,"height":338,"html":"<blockquote class=\"wp-embedded-content\" data-secret=\"eriGeEdJFi\"><a href=\"https:\/\/neness.pl\/blog\/jak-pielegnowac-dojrzala-skore-twarzy\/\">Jak piel\u0119gnowa\u0107 dojrza\u0142\u0105 sk\u00f3r\u0119 twarzy?<\/a><\/blockquote><iframe sandbox=\"allow-scripts\" security=\"restricted\" src=\"https:\/\/neness.pl\/blog\/jak-pielegnowac-dojrzala-skore-twarzy\/embed\/#?secret=eriGeEdJFi\" width=\"600\" height=\"338\" title=\"&#8222;Jak piel\u0119gnowa\u0107 dojrza\u0142\u0105 sk\u00f3r\u0119 twarzy?&#8221; &#8212; \" data-secret=\"eriGeEdJFi\" frameborder=\"0\" marginwidth=\"0\" marginheight=\"0\" scrolling=\"no\" class=\"wp-embedded-content\"><\/iframe><script type=\"text\/javascript\">\n\/* <![CDATA[ *\/\n\/*! This file is auto-generated *\/\n!function(d,l){\"use strict\";l.querySelector&&d.addEventListener&&\"undefined\"!=typeof URL&&(d.wp=d.wp||{},d.wp.receiveEmbedMessage||(d.wp.receiveEmbedMessage=function(e){var t=e.data;if((t||t.secret||t.message||t.value)&&!\/[^a-zA-Z0-9]\/.test(t.secret)){for(var s,r,n,a=l.querySelectorAll('iframe[data-secret=\"'+t.secret+'\"]'),o=l.querySelectorAll('blockquote[data-secret=\"'+t.secret+'\"]'),c=new RegExp(\"^https?:$\",\"i\"),i=0;i<o.length;i++)o[i].style.display=\"none\";for(i=0;i<a.length;i++)s=a[i],e.source===s.contentWindow&&(s.removeAttribute(\"style\"),\"height\"===t.message?(1e3<(r=parseInt(t.value,10))?r=1e3:~~r<200&&(r=200),s.height=r):\"link\"===t.message&&(r=new URL(s.getAttribute(\"src\")),n=new URL(t.value),c.test(n.protocol))&&n.host===r.host&&l.activeElement===s&&(d.top.location.href=t.value))}},d.addEventListener(\"message\",d.wp.receiveEmbedMessage,!1),l.addEventListener(\"DOMContentLoaded\",function(){for(var e,t,s=l.querySelectorAll(\"iframe.wp-embedded-content\"),r=0;r<s.length;r++)(t=(e=s[r]).getAttribute(\"data-secret\"))||(t=Math.random().toString(36).substring(2,12),e.src+=\"#?secret=\"+t,e.setAttribute(\"data-secret\",t)),e.contentWindow.postMessage({message:\"ready\",secret:t},\"*\")},!1)))}(window,document);\n\/\/# sourceURL=https:\/\/neness.pl\/blog\/wp-includes\/js\/wp-embed.min.js\n\/* ]]> *\/\n<\/script>\n","thumbnail_url":"https:\/\/neness.pl\/blog\/wp-content\/uploads\/2017\/03\/starsza-skora.jpg","thumbnail_width":1200,"thumbnail_height":800,"description":"Wiele pa\u0144 zapewne to zmartwi, ale sk\u00f3ra dojrza\u0142a okre\u015blenie dla sk\u00f3ry ju\u017c po 35 roku \u017cycia. Objawy jej starzenia mo\u017cemy zaobserwowa\u0107 jednak ju\u017c wcze\u015bniej. Jak si\u0119 objawia? Mi\u0119dzy innymi zmarszczkami mimicznymi. Zmiany te powoli si\u0119 utrwalaj\u0105, a rysy twarzy staj\u0105 si\u0119 coraz ostrzejsze. Z czasem podbr\u00f3dek traci j\u0119drno\u015b\u0107, a nask\u00f3rek staje si\u0119 wiotki wskutek odwodnienia [&hellip;]"}