{"version":"1.0","provider_name":"","provider_url":"https:\/\/neness.pl\/blog","author_name":"Agnieszka Kubiak","author_url":"https:\/\/neness.pl\/blog\/author\/nwalczak\/","title":"Fryzury na \u015blub \u2013 w\u0142osy kr\u00f3tkie \u2764\ufe0f Neness","type":"rich","width":600,"height":338,"html":"<blockquote class=\"wp-embedded-content\" data-secret=\"MfNAGCvqO9\"><a href=\"https:\/\/neness.pl\/blog\/fryzury-na-slub-wlosy-krotkie\/\">Fryzury na \u015blub \u2013 w\u0142osy kr\u00f3tkie<\/a><\/blockquote><iframe sandbox=\"allow-scripts\" security=\"restricted\" src=\"https:\/\/neness.pl\/blog\/fryzury-na-slub-wlosy-krotkie\/embed\/#?secret=MfNAGCvqO9\" width=\"600\" height=\"338\" title=\"&#8222;Fryzury na \u015blub \u2013 w\u0142osy kr\u00f3tkie&#8221; &#8212; \" data-secret=\"MfNAGCvqO9\" frameborder=\"0\" marginwidth=\"0\" marginheight=\"0\" scrolling=\"no\" class=\"wp-embedded-content\"><\/iframe><script type=\"text\/javascript\">\n\/* <![CDATA[ *\/\n\/*! This file is auto-generated *\/\n!function(d,l){\"use strict\";l.querySelector&&d.addEventListener&&\"undefined\"!=typeof URL&&(d.wp=d.wp||{},d.wp.receiveEmbedMessage||(d.wp.receiveEmbedMessage=function(e){var t=e.data;if((t||t.secret||t.message||t.value)&&!\/[^a-zA-Z0-9]\/.test(t.secret)){for(var s,r,n,a=l.querySelectorAll('iframe[data-secret=\"'+t.secret+'\"]'),o=l.querySelectorAll('blockquote[data-secret=\"'+t.secret+'\"]'),c=new RegExp(\"^https?:$\",\"i\"),i=0;i<o.length;i++)o[i].style.display=\"none\";for(i=0;i<a.length;i++)s=a[i],e.source===s.contentWindow&&(s.removeAttribute(\"style\"),\"height\"===t.message?(1e3<(r=parseInt(t.value,10))?r=1e3:~~r<200&&(r=200),s.height=r):\"link\"===t.message&&(r=new URL(s.getAttribute(\"src\")),n=new URL(t.value),c.test(n.protocol))&&n.host===r.host&&l.activeElement===s&&(d.top.location.href=t.value))}},d.addEventListener(\"message\",d.wp.receiveEmbedMessage,!1),l.addEventListener(\"DOMContentLoaded\",function(){for(var e,t,s=l.querySelectorAll(\"iframe.wp-embedded-content\"),r=0;r<s.length;r++)(t=(e=s[r]).getAttribute(\"data-secret\"))||(t=Math.random().toString(36).substring(2,12),e.src+=\"#?secret=\"+t,e.setAttribute(\"data-secret\",t)),e.contentWindow.postMessage({message:\"ready\",secret:t},\"*\")},!1)))}(window,document);\n\/\/# sourceURL=https:\/\/neness.pl\/blog\/wp-includes\/js\/wp-embed.min.js\n\/* ]]> *\/\n<\/script>\n","thumbnail_url":"https:\/\/neness.pl\/blog\/wp-content\/uploads\/2020\/03\/AdobeStock_199211504-scaled.jpeg","thumbnail_width":2560,"thumbnail_height":1707,"description":"W tym wpisie znajdziesz zestawienie kr\u00f3tkich fryzur \u015blubnych, kt\u00f3re ciesz\u0105 si\u0119 ogromn\u0105 popularno\u015bci\u0105 ju\u017c od kilku sezon\u00f3w. Dowiesz si\u0119 r\u00f3wnie\u017c, dlaczego ozdoby do w\u0142os\u00f3w to must have ka\u017cdej przysz\u0142ej panny m\u0142odej. Poznasz te\u017c najlepsze produkty do piel\u0119gnacji w\u0142os\u00f3w suchych i wymagaj\u0105cych regeneracji.\u00a0 Romantyczne upi\u0119cia, delikatne fale czy mega obj\u0119to\u015b\u0107? Kr\u00f3tkie w\u0142osy oferuj\u0105 szereg mo\u017cliwo\u015bci stylizacyjnych. [&hellip;]"}