{"version":"1.0","provider_name":"","provider_url":"https:\/\/neness.pl\/blog","author_name":"Agnieszka Kubiak","author_url":"https:\/\/neness.pl\/blog\/author\/nwalczak\/","title":"Fryzura na wesele. Trendy w upi\u0119ciach \u2764\ufe0f Neness","type":"rich","width":600,"height":338,"html":"<blockquote class=\"wp-embedded-content\" data-secret=\"OKblkn58mY\"><a href=\"https:\/\/neness.pl\/blog\/fryzura-na-wesele-trendy-w-upieciach\/\">Fryzura na wesele. Trendy w upi\u0119ciach<\/a><\/blockquote><iframe sandbox=\"allow-scripts\" security=\"restricted\" src=\"https:\/\/neness.pl\/blog\/fryzura-na-wesele-trendy-w-upieciach\/embed\/#?secret=OKblkn58mY\" width=\"600\" height=\"338\" title=\"&#8222;Fryzura na wesele. Trendy w upi\u0119ciach&#8221; &#8212; \" data-secret=\"OKblkn58mY\" frameborder=\"0\" marginwidth=\"0\" marginheight=\"0\" scrolling=\"no\" class=\"wp-embedded-content\"><\/iframe><script type=\"text\/javascript\">\n\/* <![CDATA[ *\/\n\/*! This file is auto-generated *\/\n!function(d,l){\"use strict\";l.querySelector&&d.addEventListener&&\"undefined\"!=typeof URL&&(d.wp=d.wp||{},d.wp.receiveEmbedMessage||(d.wp.receiveEmbedMessage=function(e){var t=e.data;if((t||t.secret||t.message||t.value)&&!\/[^a-zA-Z0-9]\/.test(t.secret)){for(var s,r,n,a=l.querySelectorAll('iframe[data-secret=\"'+t.secret+'\"]'),o=l.querySelectorAll('blockquote[data-secret=\"'+t.secret+'\"]'),c=new RegExp(\"^https?:$\",\"i\"),i=0;i<o.length;i++)o[i].style.display=\"none\";for(i=0;i<a.length;i++)s=a[i],e.source===s.contentWindow&&(s.removeAttribute(\"style\"),\"height\"===t.message?(1e3<(r=parseInt(t.value,10))?r=1e3:~~r<200&&(r=200),s.height=r):\"link\"===t.message&&(r=new URL(s.getAttribute(\"src\")),n=new URL(t.value),c.test(n.protocol))&&n.host===r.host&&l.activeElement===s&&(d.top.location.href=t.value))}},d.addEventListener(\"message\",d.wp.receiveEmbedMessage,!1),l.addEventListener(\"DOMContentLoaded\",function(){for(var e,t,s=l.querySelectorAll(\"iframe.wp-embedded-content\"),r=0;r<s.length;r++)(t=(e=s[r]).getAttribute(\"data-secret\"))||(t=Math.random().toString(36).substring(2,12),e.src+=\"#?secret=\"+t,e.setAttribute(\"data-secret\",t)),e.contentWindow.postMessage({message:\"ready\",secret:t},\"*\")},!1)))}(window,document);\n\/\/# sourceURL=https:\/\/neness.pl\/blog\/wp-includes\/js\/wp-embed.min.js\n\/* ]]> *\/\n<\/script>\n","thumbnail_url":"https:\/\/neness.pl\/blog\/wp-content\/uploads\/2017\/04\/Fotolia_125416604_Subscription_XXL.jpg","thumbnail_width":2029,"thumbnail_height":1352,"description":"Przed nami sezon weselny. Niezale\u017cnie od tego, czy jeste\u015b \u015bwiadkow\u0105 czy zaproszonym go\u015bciem, chcesz wygl\u0105da\u0107 tego dnia wyj\u0105tkowo \u00a0i z klas\u0105. Nic tak nie dodaje kobiecie szyku i uroku jak dopasowana sukienka, ale r\u00f3wnie\u017c odpowiednio dobrany makija\u017c i fryzura. Przyjrzymy si\u0119 dzi\u015b najmodniejszym upi\u0119ciom na tegoroczne wesela. &nbsp; Zacznijmy od pocz\u0105tku Na samym pocz\u0105tku powinna\u015b [&hellip;]"}