{"version":"1.0","provider_name":"","provider_url":"https:\/\/neness.pl\/blog","author_name":"Agnieszka Kubiak","author_url":"https:\/\/neness.pl\/blog\/author\/nwalczak\/","title":"Dlaczego podk\u0142ad ciemnieje na sk\u00f3rze? \u2764\ufe0f Neness","type":"rich","width":600,"height":338,"html":"<blockquote class=\"wp-embedded-content\" data-secret=\"R7CXxL1VYV\"><a href=\"https:\/\/neness.pl\/blog\/dlaczego-podklad-ciemnieje-na-skorze\/\">Dlaczego podk\u0142ad ciemnieje na sk\u00f3rze?<\/a><\/blockquote><iframe sandbox=\"allow-scripts\" security=\"restricted\" src=\"https:\/\/neness.pl\/blog\/dlaczego-podklad-ciemnieje-na-skorze\/embed\/#?secret=R7CXxL1VYV\" width=\"600\" height=\"338\" title=\"&#8222;Dlaczego podk\u0142ad ciemnieje na sk\u00f3rze?&#8221; &#8212; \" data-secret=\"R7CXxL1VYV\" frameborder=\"0\" marginwidth=\"0\" marginheight=\"0\" scrolling=\"no\" class=\"wp-embedded-content\"><\/iframe><script type=\"text\/javascript\">\n\/* <![CDATA[ *\/\n\/*! This file is auto-generated *\/\n!function(d,l){\"use strict\";l.querySelector&&d.addEventListener&&\"undefined\"!=typeof URL&&(d.wp=d.wp||{},d.wp.receiveEmbedMessage||(d.wp.receiveEmbedMessage=function(e){var t=e.data;if((t||t.secret||t.message||t.value)&&!\/[^a-zA-Z0-9]\/.test(t.secret)){for(var s,r,n,a=l.querySelectorAll('iframe[data-secret=\"'+t.secret+'\"]'),o=l.querySelectorAll('blockquote[data-secret=\"'+t.secret+'\"]'),c=new RegExp(\"^https?:$\",\"i\"),i=0;i<o.length;i++)o[i].style.display=\"none\";for(i=0;i<a.length;i++)s=a[i],e.source===s.contentWindow&&(s.removeAttribute(\"style\"),\"height\"===t.message?(1e3<(r=parseInt(t.value,10))?r=1e3:~~r<200&&(r=200),s.height=r):\"link\"===t.message&&(r=new URL(s.getAttribute(\"src\")),n=new URL(t.value),c.test(n.protocol))&&n.host===r.host&&l.activeElement===s&&(d.top.location.href=t.value))}},d.addEventListener(\"message\",d.wp.receiveEmbedMessage,!1),l.addEventListener(\"DOMContentLoaded\",function(){for(var e,t,s=l.querySelectorAll(\"iframe.wp-embedded-content\"),r=0;r<s.length;r++)(t=(e=s[r]).getAttribute(\"data-secret\"))||(t=Math.random().toString(36).substring(2,12),e.src+=\"#?secret=\"+t,e.setAttribute(\"data-secret\",t)),e.contentWindow.postMessage({message:\"ready\",secret:t},\"*\")},!1)))}(window,document);\n\/\/# sourceURL=https:\/\/neness.pl\/blog\/wp-includes\/js\/wp-embed.min.js\n\/* ]]> *\/\n<\/script>\n","thumbnail_url":"https:\/\/neness.pl\/blog\/wp-content\/uploads\/2017\/11\/Fotolia_121042610_Subscription_XXL-e1510138345262.jpg","thumbnail_width":1000,"thumbnail_height":667,"description":"Dobrze dobrany podk\u0142ad to gwarancja udanego makija\u017cu. Dlatego jego kolor powinien by\u0107 idealnie dopasowany do odcienia naszej cery. Niestety cz\u0119sto na poz\u00f3r w\u0142a\u015bciwy dla nas kolor po chwili od na\u0142o\u017cenia na twarz staje si\u0119 zbyt ciemny i pomara\u0144czowy. Czy mo\u017cna temu zaradzi\u0107? Dlaczego podk\u0142ad ciemnieje? &nbsp; Dlaczego podk\u0142ad oksyduje? Ciemnienie podk\u0142adu nazywamy inaczej oksydacj\u0105. Jest [&hellip;]"}