{"version":"1.0","provider_name":"","provider_url":"https:\/\/neness.pl\/blog","author_name":"Agnieszka Kubiak","author_url":"https:\/\/neness.pl\/blog\/author\/nwalczak\/","title":"Dlaczego korektor zbiera si\u0119 w zmarszczkach? \u2764\ufe0f Neness","type":"rich","width":600,"height":338,"html":"<blockquote class=\"wp-embedded-content\" data-secret=\"TjuiONBVJb\"><a href=\"https:\/\/neness.pl\/blog\/dlaczego-korektor-zbiera-sie-w-zmarszczkach\/\">Dlaczego korektor zbiera si\u0119 w zmarszczkach?<\/a><\/blockquote><iframe sandbox=\"allow-scripts\" security=\"restricted\" src=\"https:\/\/neness.pl\/blog\/dlaczego-korektor-zbiera-sie-w-zmarszczkach\/embed\/#?secret=TjuiONBVJb\" width=\"600\" height=\"338\" title=\"&#8222;Dlaczego korektor zbiera si\u0119 w zmarszczkach?&#8221; &#8212; \" data-secret=\"TjuiONBVJb\" frameborder=\"0\" marginwidth=\"0\" marginheight=\"0\" scrolling=\"no\" class=\"wp-embedded-content\"><\/iframe><script type=\"text\/javascript\">\n\/* <![CDATA[ *\/\n\/*! This file is auto-generated *\/\n!function(d,l){\"use strict\";l.querySelector&&d.addEventListener&&\"undefined\"!=typeof URL&&(d.wp=d.wp||{},d.wp.receiveEmbedMessage||(d.wp.receiveEmbedMessage=function(e){var t=e.data;if((t||t.secret||t.message||t.value)&&!\/[^a-zA-Z0-9]\/.test(t.secret)){for(var s,r,n,a=l.querySelectorAll('iframe[data-secret=\"'+t.secret+'\"]'),o=l.querySelectorAll('blockquote[data-secret=\"'+t.secret+'\"]'),c=new RegExp(\"^https?:$\",\"i\"),i=0;i<o.length;i++)o[i].style.display=\"none\";for(i=0;i<a.length;i++)s=a[i],e.source===s.contentWindow&&(s.removeAttribute(\"style\"),\"height\"===t.message?(1e3<(r=parseInt(t.value,10))?r=1e3:~~r<200&&(r=200),s.height=r):\"link\"===t.message&&(r=new URL(s.getAttribute(\"src\")),n=new URL(t.value),c.test(n.protocol))&&n.host===r.host&&l.activeElement===s&&(d.top.location.href=t.value))}},d.addEventListener(\"message\",d.wp.receiveEmbedMessage,!1),l.addEventListener(\"DOMContentLoaded\",function(){for(var e,t,s=l.querySelectorAll(\"iframe.wp-embedded-content\"),r=0;r<s.length;r++)(t=(e=s[r]).getAttribute(\"data-secret\"))||(t=Math.random().toString(36).substring(2,12),e.src+=\"#?secret=\"+t,e.setAttribute(\"data-secret\",t)),e.contentWindow.postMessage({message:\"ready\",secret:t},\"*\")},!1)))}(window,document);\n\/\/# sourceURL=https:\/\/neness.pl\/blog\/wp-includes\/js\/wp-embed.min.js\n\/* ]]> *\/\n<\/script>\n","thumbnail_url":"https:\/\/neness.pl\/blog\/wp-content\/uploads\/2020\/11\/AdobeStock_280574784-scaled.jpeg","thumbnail_width":2560,"thumbnail_height":1706,"description":"Tu\u017c po aplikacji korektora sk\u00f3ra pod oczami zaczyna wygl\u0105da\u0107 nieestetycznie, a zmarszczki s\u0105 mocno podkre\u015blone? Czym jest to spowodowane? Czytaj dalej i poznaj najpopularniejsze powody.\u00a0 Nieodpowiednia piel\u0119gnacja lub jej brak Sk\u00f3ra pod oczami jest wyj\u0105tkowo cienka i delikatna. Nie jest w stanie sama siebie nawil\u017cy\u0107 czy zlikwidowa\u0107 pojawiaj\u0105ce si\u0119 zmarszczki. Dlatego potrzebuje wsparcia w postaci [&hellip;]"}