{"version":"1.0","provider_name":"","provider_url":"https:\/\/neness.pl\/blog","author_name":"Agnieszka Kubiak","author_url":"https:\/\/neness.pl\/blog\/author\/nwalczak\/","title":"Cechy doskona\u0142ego roz\u015bwietlacza do twarzy \u2764\ufe0f Neness","type":"rich","width":600,"height":338,"html":"<blockquote class=\"wp-embedded-content\" data-secret=\"H7ZaRL5jh6\"><a href=\"https:\/\/neness.pl\/blog\/cechy-doskonalego-rozswietlacza-do-twarzy\/\">Cechy doskona\u0142ego roz\u015bwietlacza do twarzy<\/a><\/blockquote><iframe sandbox=\"allow-scripts\" security=\"restricted\" src=\"https:\/\/neness.pl\/blog\/cechy-doskonalego-rozswietlacza-do-twarzy\/embed\/#?secret=H7ZaRL5jh6\" width=\"600\" height=\"338\" title=\"&#8222;Cechy doskona\u0142ego roz\u015bwietlacza do twarzy&#8221; &#8212; \" data-secret=\"H7ZaRL5jh6\" frameborder=\"0\" marginwidth=\"0\" marginheight=\"0\" scrolling=\"no\" class=\"wp-embedded-content\"><\/iframe><script type=\"text\/javascript\">\n\/* <![CDATA[ *\/\n\/*! This file is auto-generated *\/\n!function(d,l){\"use strict\";l.querySelector&&d.addEventListener&&\"undefined\"!=typeof URL&&(d.wp=d.wp||{},d.wp.receiveEmbedMessage||(d.wp.receiveEmbedMessage=function(e){var t=e.data;if((t||t.secret||t.message||t.value)&&!\/[^a-zA-Z0-9]\/.test(t.secret)){for(var s,r,n,a=l.querySelectorAll('iframe[data-secret=\"'+t.secret+'\"]'),o=l.querySelectorAll('blockquote[data-secret=\"'+t.secret+'\"]'),c=new RegExp(\"^https?:$\",\"i\"),i=0;i<o.length;i++)o[i].style.display=\"none\";for(i=0;i<a.length;i++)s=a[i],e.source===s.contentWindow&&(s.removeAttribute(\"style\"),\"height\"===t.message?(1e3<(r=parseInt(t.value,10))?r=1e3:~~r<200&&(r=200),s.height=r):\"link\"===t.message&&(r=new URL(s.getAttribute(\"src\")),n=new URL(t.value),c.test(n.protocol))&&n.host===r.host&&l.activeElement===s&&(d.top.location.href=t.value))}},d.addEventListener(\"message\",d.wp.receiveEmbedMessage,!1),l.addEventListener(\"DOMContentLoaded\",function(){for(var e,t,s=l.querySelectorAll(\"iframe.wp-embedded-content\"),r=0;r<s.length;r++)(t=(e=s[r]).getAttribute(\"data-secret\"))||(t=Math.random().toString(36).substring(2,12),e.src+=\"#?secret=\"+t,e.setAttribute(\"data-secret\",t)),e.contentWindow.postMessage({message:\"ready\",secret:t},\"*\")},!1)))}(window,document);\n\/\/# sourceURL=https:\/\/neness.pl\/blog\/wp-includes\/js\/wp-embed.min.js\n\/* ]]> *\/\n<\/script>\n","thumbnail_url":"https:\/\/neness.pl\/blog\/wp-content\/uploads\/2020\/11\/AdobeStock_359910293-scaled.jpeg","thumbnail_width":2560,"thumbnail_height":1707,"description":"Roz\u015bwietlacz do twarzy to produkt, bez kt\u00f3rego trudno wyobrazi\u0107 sobie makija\u017c dzienny oraz wieczorowy. Jak jednak znale\u017a\u0107 idealny wariant dla siebie? Co warto wzi\u0105\u0107 pod uwag\u0119, \u017ceby wyb\u00f3r by\u0142 naprawd\u0119 satysfakcjonuj\u0105cy?\u00a0 Nieobowi\u0105zkowy, ale warto go mie\u0107 Mimo \u017ce roz\u015bwietlacz do twarzy jest produktem dodatkowym,\u00a0trudno go zast\u0105pi\u0107. Oznacza to, \u017ce bez niego wykonasz ulubiony makija\u017c, ale [&hellip;]"}